{"id":30660,"date":"2018-05-11T13:35:12","date_gmt":"2018-05-11T11:35:12","guid":{"rendered":"https:\/\/supreme-living.de\/codigos-cortos-de-anuncios\/"},"modified":"2023-10-26T13:17:21","modified_gmt":"2023-10-26T11:17:21","slug":"codigos-cortos-de-anuncios","status":"publish","type":"page","link":"https:\/\/supreme-living.de\/es\/codigos-cortos-de-anuncios\/","title":{"rendered":"C\u00f3digos cortos de anuncios"},"content":{"rendered":"<p>[vc_row css=\u00bb.vc_custom_1526049004424{margin-bottom: 60px !important;}\u00bb][vc_column]<div class=\"article_container slider_container bottom-estate_property nobutton\" ><div class=\"slider_control_left  wprentals_slider_control_left\"><\/div>\n                       <div class=\"slider_control_right wprentals_slider_control_right\"><\/div><h2 class=\"shortcode_title title_slider\">Deslizador de listados por categor\u00edas espec\u00edficas<\/h2><div class=\"shortcode_slider_wrapper\"  data-auto=\"0\" ><ul class=\"shortcode_slider_list\"><li>\n\n<div itemscope itemtype=\"http:\/\/schema.org\/Product\" class=\"listing_wrapper col-md- shortcode-col property_unit_v1  property_flex \" data-org=\"4\" data-listid=\"33224\" >\n\n    \n    <div class=\"property_listing \" >\n        \n\n            <div class=\"listing-unit-img-wrapper\"><div class=\"property_unit_action\">\n    <span class=\"icon-fav icon-fav-off\" data-original-title=\"agregar a los favoritos\" data-postid=\"33224\">\n        <svg viewBox=\"0 0 32 32\" xmlns=\"http:\/\/www.w3.org\/2000\/svg\" aria-hidden=\"true\" role=\"presentation\" focusable=\"false\" \nstyle=\"display: block;  height: 24px; width: 24px; stroke: #fff; stroke-width: 2; overflow: visible;\">\n<path d=\"m16 28c7-4.733 14-10 14-17 0-1.792-.683-3.583-2.05-4.95-1.367-1.366-3.158-2.05-4.95-2.05-1.791 0-3.583.684-4.949 2.05l-2.051 2.051-2.05-2.051c-1.367-1.366-3.158-2.05-4.95-2.05-1.791 0-3.583.684-4.949 2.05-1.367 1.367-2.051 3.158-2.051 4.95 0 7 7 12.267 14 17z\"><\/path>\n<\/svg><\/span>\n    <\/div><a href=\"https:\/\/supreme-living.de\/es\/supreme\/habitacion-washington-2a-planta-15m2\/\" target=\"_self\" ><img decoding=\"async\" itemprop=\"image\" src=\"https:\/\/supreme-living.de\/wp-content\/uploads\/2024\/03\/zi-2.1-400x314.jpg\"   class=\"b-lazy img-responsive wp-post-image lazy-hidden\" alt=\"Habitaci\u00f3n Washington (2\u00aa planta, 15m2)\" \/><\/a><div class=\"price_unit_wrapper\"> <\/div><div class=\"\" itemprop=\"offers\" itemscope itemtype=\"http:\/\/schema.org\/Offer\"> <link itemprop=\"url\" href=\"https:\/\/supreme-living.de\/es\/supreme\/habitacion-washington-2a-planta-15m2\/\"\/><meta itemprop=\"priceCurrency\" content=\"\u20ac\" \/><div class=\"price_unit\"><span itemprop=\"price\" content=\"780\">780 \u20ac<span class=\"pernight\"> \/d\u00eda<\/span><\/div><\/div><\/div>\n\n\n            <div class=\"property_status_wrapper\"><\/div>\n            <div class=\"title-container\">\n\n                <div class=\"\" itemprop=\"offers\" itemscope itemtype=\"http:\/\/schema.org\/Offer\"> <link itemprop=\"url\" href=\"https:\/\/supreme-living.de\/es\/supreme\/habitacion-washington-2a-planta-15m2\/\"\/><meta itemprop=\"priceCurrency\" content=\"\u20ac\" \/><div class=\"price_unit\"><span itemprop=\"price\" content=\"780\">780 \u20ac<span class=\"pernight\"> \/d\u00eda<\/span><\/div><\/div>\n                <meta itemprop=\"ratingValue\" content=\"0\"\/><div class=rating_placeholder><\/div>\n                \n\n\n                <a href=\"https:\/\/supreme-living.de\/es\/supreme\/habitacion-washington-2a-planta-15m2\/\" class=\"owner_thumb\" style=\"background-image: url(https:\/\/supreme-living.de\/wp-content\/uploads\/2024\/03\/zi-2.1-60x60.jpg)\"><\/a>\n\n                <div class=\"category_name\">\n                        <a  itemprop=\"url\"  href=\"https:\/\/supreme-living.de\/es\/supreme\/habitacion-washington-2a-planta-15m2\/\"  class=\"listing_title_unit\" >\n    \n    \n   <span itemprop=\"name\">\n    Habitaci\u00f3n Washington (2\u00aa planta, 15m2)    <\/span>\n<\/a>\n                    <div class=\"category_tagline map_icon\">\n                        <a href=\"https:\/\/supreme-living.de\/es\/Stadtviertel\/bockenheim-es\/\" rel=\"tag\">Bockenheim<\/a>, <a href=\"https:\/\/supreme-living.de\/es\/stadt\/francfort-del-meno\/\" rel=\"tag\">Fr\u00e1ncfort del Meno<\/a>, <a href=\"https:\/\/supreme-living.de\/es\/stadt\/francfort-del-meno-es\/\" rel=\"tag\">Fr\u00e1ncfort del Meno<\/a>                    <\/div>\n\n                    <div class=\"category_tagline actions_icon\">\n                        <a href=\"https:\/\/supreme-living.de\/es\/appartments\/piso-compartido-de-3-habitaciones\/\" rel=\"tag\">Piso compartido de 3 habitaciones<\/a> \/ <a href=\"https:\/\/supreme-living.de\/es\/angebote\/supremo-superior\/\" rel=\"tag\">Supremo Superior<\/a>                    <\/div>\n                <\/div>\n\n                            <\/div>\n\n\n        \n        <\/div>\n    <\/div>\n<\/li><li>\n\n<div itemscope itemtype=\"http:\/\/schema.org\/Product\" class=\"listing_wrapper col-md- shortcode-col property_unit_v1  property_flex \" data-org=\"4\" data-listid=\"33222\" >\n\n    \n    <div class=\"property_listing \" >\n        \n\n            <div class=\"listing-unit-img-wrapper\"><div class=\"property_unit_action\">\n    <span class=\"icon-fav icon-fav-off\" data-original-title=\"agregar a los favoritos\" data-postid=\"33222\">\n        <svg viewBox=\"0 0 32 32\" xmlns=\"http:\/\/www.w3.org\/2000\/svg\" aria-hidden=\"true\" role=\"presentation\" focusable=\"false\" \nstyle=\"display: block;  height: 24px; width: 24px; stroke: #fff; stroke-width: 2; overflow: visible;\">\n<path d=\"m16 28c7-4.733 14-10 14-17 0-1.792-.683-3.583-2.05-4.95-1.367-1.366-3.158-2.05-4.95-2.05-1.791 0-3.583.684-4.949 2.05l-2.051 2.051-2.05-2.051c-1.367-1.366-3.158-2.05-4.95-2.05-1.791 0-3.583.684-4.949 2.05-1.367 1.367-2.051 3.158-2.051 4.95 0 7 7 12.267 14 17z\"><\/path>\n<\/svg><\/span>\n    <\/div><a href=\"https:\/\/supreme-living.de\/es\/supreme\/habitacion-brujas-1er-piso-17m2\/\" target=\"_self\" ><img decoding=\"async\" itemprop=\"image\" src=\"https:\/\/supreme-living.de\/wp-content\/uploads\/2024\/02\/74a0e395-87a3-498c-846e-5a97a51dfdc9-400x314.jpg\"   class=\"b-lazy img-responsive wp-post-image lazy-hidden\" alt=\"Habitaci\u00f3n Brujas (1er piso, 17m2)\" \/><\/a><div class=\"price_unit_wrapper\"> <\/div><div class=\"\" itemprop=\"offers\" itemscope itemtype=\"http:\/\/schema.org\/Offer\"> <link itemprop=\"url\" href=\"https:\/\/supreme-living.de\/es\/supreme\/habitacion-brujas-1er-piso-17m2\/\"\/><meta itemprop=\"priceCurrency\" content=\"\u20ac\" \/><div class=\"price_unit\"><span itemprop=\"price\" content=\"790\">790 \u20ac<span class=\"pernight\"> \/d\u00eda<\/span><\/div><\/div><\/div>\n\n\n            <div class=\"property_status_wrapper\"><\/div>\n            <div class=\"title-container\">\n\n                <div class=\"\" itemprop=\"offers\" itemscope itemtype=\"http:\/\/schema.org\/Offer\"> <link itemprop=\"url\" href=\"https:\/\/supreme-living.de\/es\/supreme\/habitacion-brujas-1er-piso-17m2\/\"\/><meta itemprop=\"priceCurrency\" content=\"\u20ac\" \/><div class=\"price_unit\"><span itemprop=\"price\" content=\"790\">790 \u20ac<span class=\"pernight\"> \/d\u00eda<\/span><\/div><\/div>\n                <meta itemprop=\"ratingValue\" content=\"0\"\/><div class=rating_placeholder><\/div>\n                \n\n\n                <a href=\"https:\/\/supreme-living.de\/es\/supreme\/habitacion-brujas-1er-piso-17m2\/\" class=\"owner_thumb\" style=\"background-image: url(https:\/\/supreme-living.de\/wp-content\/uploads\/2024\/02\/74a0e395-87a3-498c-846e-5a97a51dfdc9-60x60.jpg)\"><\/a>\n\n                <div class=\"category_name\">\n                        <a  itemprop=\"url\"  href=\"https:\/\/supreme-living.de\/es\/supreme\/habitacion-brujas-1er-piso-17m2\/\"  class=\"listing_title_unit\" >\n    \n    \n   <span itemprop=\"name\">\n    Habitaci\u00f3n Brujas (1er piso, 17m2)    <\/span>\n<\/a>\n                    <div class=\"category_tagline map_icon\">\n                        <a href=\"https:\/\/supreme-living.de\/es\/Stadtviertel\/niederrad-es\/\" rel=\"tag\">Niederrad<\/a>, <a href=\"https:\/\/supreme-living.de\/es\/stadt\/francfort-del-meno\/\" rel=\"tag\">Fr\u00e1ncfort del Meno<\/a>                    <\/div>\n\n                    <div class=\"category_tagline actions_icon\">\n                        <a href=\"https:\/\/supreme-living.de\/es\/appartments\/piso-compartido-de-3-habitaciones\/\" rel=\"tag\">Piso compartido de 3 habitaciones<\/a> \/ <a href=\"https:\/\/supreme-living.de\/es\/angebote\/supremo-superior\/\" rel=\"tag\">Supremo Superior<\/a>                    <\/div>\n                <\/div>\n\n                            <\/div>\n\n\n        \n        <\/div>\n    <\/div>\n<\/li><li>\n\n<div itemscope itemtype=\"http:\/\/schema.org\/Product\" class=\"listing_wrapper col-md- shortcode-col property_unit_v1  property_flex \" data-org=\"4\" data-listid=\"33218\" >\n\n    \n    <div class=\"property_listing \" >\n        \n\n            <div class=\"listing-unit-img-wrapper\"><div class=\"property_unit_action\">\n    <span class=\"icon-fav icon-fav-off\" data-original-title=\"agregar a los favoritos\" data-postid=\"33218\">\n        <svg viewBox=\"0 0 32 32\" xmlns=\"http:\/\/www.w3.org\/2000\/svg\" aria-hidden=\"true\" role=\"presentation\" focusable=\"false\" \nstyle=\"display: block;  height: 24px; width: 24px; stroke: #fff; stroke-width: 2; overflow: visible;\">\n<path d=\"m16 28c7-4.733 14-10 14-17 0-1.792-.683-3.583-2.05-4.95-1.367-1.366-3.158-2.05-4.95-2.05-1.791 0-3.583.684-4.949 2.05l-2.051 2.051-2.05-2.051c-1.367-1.366-3.158-2.05-4.95-2.05-1.791 0-3.583.684-4.949 2.05-1.367 1.367-2.051 3.158-2.051 4.95 0 7 7 12.267 14 17z\"><\/path>\n<\/svg><\/span>\n    <\/div><a href=\"https:\/\/supreme-living.de\/es\/supreme\/habitacion-berna-4a-planta-14-m2\/\" target=\"_self\" ><img decoding=\"async\" itemprop=\"image\" src=\"https:\/\/supreme-living.de\/wp-content\/uploads\/2024\/03\/Saalb-Zi-3-400x314.jpg\"   class=\"b-lazy img-responsive wp-post-image lazy-hidden\" alt=\"Habitaci\u00f3n Berna (4\u00aa planta, 14 m2)\" \/><\/a><div class=\"price_unit_wrapper\"> <\/div><div class=\"\" itemprop=\"offers\" itemscope itemtype=\"http:\/\/schema.org\/Offer\"> <link itemprop=\"url\" href=\"https:\/\/supreme-living.de\/es\/supreme\/habitacion-berna-4a-planta-14-m2\/\"\/><meta itemprop=\"priceCurrency\" content=\"\u20ac\" \/><div class=\"price_unit\"><span itemprop=\"price\" content=\"790\">790 \u20ac<span class=\"pernight\"> \/d\u00eda<\/span><\/div><\/div><\/div>\n\n\n            <div class=\"property_status_wrapper\"><\/div>\n            <div class=\"title-container\">\n\n                <div class=\"\" itemprop=\"offers\" itemscope itemtype=\"http:\/\/schema.org\/Offer\"> <link itemprop=\"url\" href=\"https:\/\/supreme-living.de\/es\/supreme\/habitacion-berna-4a-planta-14-m2\/\"\/><meta itemprop=\"priceCurrency\" content=\"\u20ac\" \/><div class=\"price_unit\"><span itemprop=\"price\" content=\"790\">790 \u20ac<span class=\"pernight\"> \/d\u00eda<\/span><\/div><\/div>\n                <meta itemprop=\"ratingValue\" content=\"0\"\/><div class=rating_placeholder><\/div>\n                \n\n\n                <a href=\"https:\/\/supreme-living.de\/es\/supreme\/habitacion-berna-4a-planta-14-m2\/\" class=\"owner_thumb\" style=\"background-image: url(https:\/\/supreme-living.de\/wp-content\/uploads\/2024\/03\/Saalb-Zi-3-60x60.jpg)\"><\/a>\n\n                <div class=\"category_name\">\n                        <a  itemprop=\"url\"  href=\"https:\/\/supreme-living.de\/es\/supreme\/habitacion-berna-4a-planta-14-m2\/\"  class=\"listing_title_unit\" >\n    \n    \n   <span itemprop=\"name\">\n    Habitaci\u00f3n Berna (4\u00aa planta, 14 m2)    <\/span>\n<\/a>\n                    <div class=\"category_tagline map_icon\">\n                        <a href=\"https:\/\/supreme-living.de\/es\/stadt\/francfort-del-meno\/\" rel=\"tag\">Fr\u00e1ncfort del Meno<\/a>                    <\/div>\n\n                    <div class=\"category_tagline actions_icon\">\n                        <a href=\"https:\/\/supreme-living.de\/es\/appartments\/piso-compartido-de-3-habitaciones\/\" rel=\"tag\">Piso compartido de 3 habitaciones<\/a> \/ <a href=\"https:\/\/supreme-living.de\/es\/angebote\/supremo-superior\/\" rel=\"tag\">Supremo Superior<\/a>                    <\/div>\n                <\/div>\n\n                            <\/div>\n\n\n        \n        <\/div>\n    <\/div>\n<\/li><li>\n\n<div itemscope itemtype=\"http:\/\/schema.org\/Product\" class=\"listing_wrapper col-md- shortcode-col property_unit_v1  property_flex \" data-org=\"4\" data-listid=\"30783\" >\n\n    \n    <div class=\"property_listing \" >\n        \n\n            <div class=\"listing-unit-img-wrapper\"><div class=\"property_unit_action\">\n    <span class=\"icon-fav icon-fav-off\" data-original-title=\"agregar a los favoritos\" data-postid=\"30783\">\n        <svg viewBox=\"0 0 32 32\" xmlns=\"http:\/\/www.w3.org\/2000\/svg\" aria-hidden=\"true\" role=\"presentation\" focusable=\"false\" \nstyle=\"display: block;  height: 24px; width: 24px; stroke: #fff; stroke-width: 2; overflow: visible;\">\n<path d=\"m16 28c7-4.733 14-10 14-17 0-1.792-.683-3.583-2.05-4.95-1.367-1.366-3.158-2.05-4.95-2.05-1.791 0-3.583.684-4.949 2.05l-2.051 2.051-2.05-2.051c-1.367-1.366-3.158-2.05-4.95-2.05-1.791 0-3.583.684-4.949 2.05-1.367 1.367-2.051 3.158-2.051 4.95 0 7 7 12.267 14 17z\"><\/path>\n<\/svg><\/span>\n    <\/div><a href=\"https:\/\/supreme-living.de\/es\/supreme\/habitacion-bordeaux-1er-piso-1-habitacion-14-m2-cocina-cuarto-de-bano\/\" target=\"_self\" ><img decoding=\"async\" itemprop=\"image\" src=\"https:\/\/supreme-living.de\/wp-content\/uploads\/2023\/09\/Varrentrappstrasse-7-scaled-4-400x314.jpg\"   class=\"b-lazy img-responsive wp-post-image lazy-hidden\" alt=\"Habitaci\u00f3n Bordeaux (1er piso, 1 habitaci\u00f3n, 14 m2, cocina, cuarto de ba\u00f1o)\" \/><\/a><div class=\"price_unit_wrapper\"> <\/div><div class=\"\" itemprop=\"offers\" itemscope itemtype=\"http:\/\/schema.org\/Offer\"> <link itemprop=\"url\" href=\"https:\/\/supreme-living.de\/es\/supreme\/habitacion-bordeaux-1er-piso-1-habitacion-14-m2-cocina-cuarto-de-bano\/\"\/><meta itemprop=\"priceCurrency\" content=\"\u20ac\" \/><div class=\"price_unit\"><span itemprop=\"price\" content=\"750\">750 \u20ac<span class=\"pernight\"> \/d\u00eda<\/span><\/div><\/div><\/div>\n\n\n            <div class=\"property_status_wrapper\"><\/div>\n            <div class=\"title-container\">\n\n                <div class=\"\" itemprop=\"offers\" itemscope itemtype=\"http:\/\/schema.org\/Offer\"> <link itemprop=\"url\" href=\"https:\/\/supreme-living.de\/es\/supreme\/habitacion-bordeaux-1er-piso-1-habitacion-14-m2-cocina-cuarto-de-bano\/\"\/><meta itemprop=\"priceCurrency\" content=\"\u20ac\" \/><div class=\"price_unit\"><span itemprop=\"price\" content=\"750\">750 \u20ac<span class=\"pernight\"> \/d\u00eda<\/span><\/div><\/div>\n                <meta itemprop=\"ratingValue\" content=\"0\"\/><div class=rating_placeholder><\/div>\n                \n\n\n                <a href=\"https:\/\/supreme-living.de\/es\/supreme\/habitacion-bordeaux-1er-piso-1-habitacion-14-m2-cocina-cuarto-de-bano\/\" class=\"owner_thumb\" style=\"background-image: url(https:\/\/supreme-living.de\/wp-content\/uploads\/2023\/09\/Varrentrappstrasse-7-scaled-4-60x60.jpg)\"><\/a>\n\n                <div class=\"category_name\">\n                        <a  itemprop=\"url\"  href=\"https:\/\/supreme-living.de\/es\/supreme\/habitacion-bordeaux-1er-piso-1-habitacion-14-m2-cocina-cuarto-de-bano\/\"  class=\"listing_title_unit\" >\n    \n    \n   <span itemprop=\"name\">\n    Habitaci\u00f3n Bordeaux (1er piso, 1 habitaci\u00f3n, 14 m2, cocina,     <\/span>\n<\/a>\n                    <div class=\"category_tagline map_icon\">\n                        <a href=\"https:\/\/supreme-living.de\/es\/Stadtviertel\/extremo-norte\/\" rel=\"tag\">Extremo Norte<\/a>, <a href=\"https:\/\/supreme-living.de\/es\/stadt\/francfort-del-meno\/\" rel=\"tag\">Fr\u00e1ncfort del Meno<\/a>                    <\/div>\n\n                    <div class=\"category_tagline actions_icon\">\n                        <a href=\"https:\/\/supreme-living.de\/es\/appartments\/piso-compartido-de-3-habitaciones\/\" rel=\"tag\">Piso compartido de 3 habitaciones<\/a> \/ <a href=\"https:\/\/supreme-living.de\/es\/angebote\/supremo-superior\/\" rel=\"tag\">Supremo Superior<\/a>                    <\/div>\n                <\/div>\n\n                            <\/div>\n\n\n        \n        <\/div>\n    <\/div>\n<\/li><li>\n\n<div itemscope itemtype=\"http:\/\/schema.org\/Product\" class=\"listing_wrapper col-md- shortcode-col property_unit_v1  property_flex \" data-org=\"4\" data-listid=\"30779\" >\n\n    \n    <div class=\"property_listing \" >\n        \n\n            <div class=\"listing-unit-img-wrapper\"><div class=\"property_unit_action\">\n    <span class=\"icon-fav icon-fav-off\" data-original-title=\"agregar a los favoritos\" data-postid=\"30779\">\n        <svg viewBox=\"0 0 32 32\" xmlns=\"http:\/\/www.w3.org\/2000\/svg\" aria-hidden=\"true\" role=\"presentation\" focusable=\"false\" \nstyle=\"display: block;  height: 24px; width: 24px; stroke: #fff; stroke-width: 2; overflow: visible;\">\n<path d=\"m16 28c7-4.733 14-10 14-17 0-1.792-.683-3.583-2.05-4.95-1.367-1.366-3.158-2.05-4.95-2.05-1.791 0-3.583.684-4.949 2.05l-2.051 2.051-2.05-2.051c-1.367-1.366-3.158-2.05-4.95-2.05-1.791 0-3.583.684-4.949 2.05-1.367 1.367-2.051 3.158-2.051 4.95 0 7 7 12.267 14 17z\"><\/path>\n<\/svg><\/span>\n    <\/div><a href=\"https:\/\/supreme-living.de\/es\/supreme\/habitacion-nice-1er-piso-1-habitacion-20-m%c2%b2-cocina-cuarto-de-bano\/\" target=\"_self\" ><img decoding=\"async\" itemprop=\"image\" src=\"https:\/\/supreme-living.de\/wp-content\/uploads\/2023\/09\/Varrentrappstrasse-33-scaled-2-400x314.jpg\"   class=\"b-lazy img-responsive wp-post-image lazy-hidden\" alt=\"Habitaci\u00f3n Nice (1er piso, 1 habitaci\u00f3n, 20 m\u00b2, cocina, cuarto de ba\u00f1o)\" \/><\/a><div class=\"price_unit_wrapper\"> <\/div><div class=\"\" itemprop=\"offers\" itemscope itemtype=\"http:\/\/schema.org\/Offer\"> <link itemprop=\"url\" href=\"https:\/\/supreme-living.de\/es\/supreme\/habitacion-nice-1er-piso-1-habitacion-20-m%c2%b2-cocina-cuarto-de-bano\/\"\/><meta itemprop=\"priceCurrency\" content=\"\u20ac\" \/><div class=\"price_unit\"><span itemprop=\"price\" content=\"850\">850 \u20ac<span class=\"pernight\"> \/d\u00eda<\/span><\/div><\/div><\/div>\n\n\n            <div class=\"property_status_wrapper\"><\/div>\n            <div class=\"title-container\">\n\n                <div class=\"\" itemprop=\"offers\" itemscope itemtype=\"http:\/\/schema.org\/Offer\"> <link itemprop=\"url\" href=\"https:\/\/supreme-living.de\/es\/supreme\/habitacion-nice-1er-piso-1-habitacion-20-m%c2%b2-cocina-cuarto-de-bano\/\"\/><meta itemprop=\"priceCurrency\" content=\"\u20ac\" \/><div class=\"price_unit\"><span itemprop=\"price\" content=\"850\">850 \u20ac<span class=\"pernight\"> \/d\u00eda<\/span><\/div><\/div>\n                <meta itemprop=\"ratingValue\" content=\"0\"\/><div class=rating_placeholder><\/div>\n                \n\n\n                <a href=\"https:\/\/supreme-living.de\/es\/supreme\/habitacion-nice-1er-piso-1-habitacion-20-m%c2%b2-cocina-cuarto-de-bano\/\" class=\"owner_thumb\" style=\"background-image: url(https:\/\/supreme-living.de\/wp-content\/uploads\/2023\/09\/Varrentrappstrasse-33-scaled-2-60x60.jpg)\"><\/a>\n\n                <div class=\"category_name\">\n                        <a  itemprop=\"url\"  href=\"https:\/\/supreme-living.de\/es\/supreme\/habitacion-nice-1er-piso-1-habitacion-20-m%c2%b2-cocina-cuarto-de-bano\/\"  class=\"listing_title_unit\" >\n    \n    \n   <span itemprop=\"name\">\n    Habitaci\u00f3n Nice (1er piso, 1 habitaci\u00f3n, 20 m\u00b2, cocina, cuar    <\/span>\n<\/a>\n                    <div class=\"category_tagline map_icon\">\n                        <a href=\"https:\/\/supreme-living.de\/es\/Stadtviertel\/extremo-norte\/\" rel=\"tag\">Extremo Norte<\/a>, <a href=\"https:\/\/supreme-living.de\/es\/stadt\/francfort-del-meno\/\" rel=\"tag\">Fr\u00e1ncfort del Meno<\/a>                    <\/div>\n\n                    <div class=\"category_tagline actions_icon\">\n                        <a href=\"https:\/\/supreme-living.de\/es\/appartments\/piso-compartido-de-3-habitaciones\/\" rel=\"tag\">Piso compartido de 3 habitaciones<\/a> \/ <a href=\"https:\/\/supreme-living.de\/es\/angebote\/supreme-deluxe-es\/\" rel=\"tag\">Supreme DeLuxe<\/a>                    <\/div>\n                <\/div>\n\n                            <\/div>\n\n\n        \n        <\/div>\n    <\/div>\n<\/li><\/ul><\/div><\/div>[\/vc_column][\/vc_row][vc_row css=\u00bb.vc_custom_1526049016614{margin-bottom: 60px !important;}\u00bb][vc_column]<div class=\" bottom-estate_property nobutton \" ><h2 class=\"shortcode_title\">Listado por categor\u00edas espec\u00edficas<\/h2><div class=\"items_shortcode_wrapper  \">\n\n<div itemscope itemtype=\"http:\/\/schema.org\/Product\" class=\"listing_wrapper col-md-4 shortcode-col property_unit_v1  property_flex \" data-org=\"4\" data-listid=\"33224\" >\n\n    \n    <div class=\"property_listing \" >\n        \n\n            <div class=\"listing-unit-img-wrapper\"><div class=\"property_unit_action\">\n    <span class=\"icon-fav icon-fav-off\" data-original-title=\"agregar a los favoritos\" data-postid=\"33224\">\n        <svg viewBox=\"0 0 32 32\" xmlns=\"http:\/\/www.w3.org\/2000\/svg\" aria-hidden=\"true\" role=\"presentation\" focusable=\"false\" \nstyle=\"display: block;  height: 24px; width: 24px; stroke: #fff; stroke-width: 2; overflow: visible;\">\n<path d=\"m16 28c7-4.733 14-10 14-17 0-1.792-.683-3.583-2.05-4.95-1.367-1.366-3.158-2.05-4.95-2.05-1.791 0-3.583.684-4.949 2.05l-2.051 2.051-2.05-2.051c-1.367-1.366-3.158-2.05-4.95-2.05-1.791 0-3.583.684-4.949 2.05-1.367 1.367-2.051 3.158-2.051 4.95 0 7 7 12.267 14 17z\"><\/path>\n<\/svg><\/span>\n    <\/div><a href=\"https:\/\/supreme-living.de\/es\/supreme\/habitacion-washington-2a-planta-15m2\/\" target=\"_self\" ><img decoding=\"async\" itemprop=\"image\" src=\"https:\/\/supreme-living.de\/wp-content\/uploads\/2024\/03\/zi-2.1-400x314.jpg\"   class=\"b-lazy img-responsive wp-post-image lazy-hidden\" alt=\"Habitaci\u00f3n Washington (2\u00aa planta, 15m2)\" \/><\/a><div class=\"price_unit_wrapper\"> <\/div><div class=\"\" itemprop=\"offers\" itemscope itemtype=\"http:\/\/schema.org\/Offer\"> <link itemprop=\"url\" href=\"https:\/\/supreme-living.de\/es\/supreme\/habitacion-washington-2a-planta-15m2\/\"\/><meta itemprop=\"priceCurrency\" content=\"\u20ac\" \/><div class=\"price_unit\"><span itemprop=\"price\" content=\"780\">780 \u20ac<span class=\"pernight\"> \/d\u00eda<\/span><\/div><\/div><\/div>\n\n\n            <div class=\"property_status_wrapper\"><\/div>\n            <div class=\"title-container\">\n\n                <div class=\"\" itemprop=\"offers\" itemscope itemtype=\"http:\/\/schema.org\/Offer\"> <link itemprop=\"url\" href=\"https:\/\/supreme-living.de\/es\/supreme\/habitacion-washington-2a-planta-15m2\/\"\/><meta itemprop=\"priceCurrency\" content=\"\u20ac\" \/><div class=\"price_unit\"><span itemprop=\"price\" content=\"780\">780 \u20ac<span class=\"pernight\"> \/d\u00eda<\/span><\/div><\/div>\n                <meta itemprop=\"ratingValue\" content=\"0\"\/><div class=rating_placeholder><\/div>\n                \n\n\n                <a href=\"https:\/\/supreme-living.de\/es\/supreme\/habitacion-washington-2a-planta-15m2\/\" class=\"owner_thumb\" style=\"background-image: url(https:\/\/supreme-living.de\/wp-content\/uploads\/2024\/03\/zi-2.1-60x60.jpg)\"><\/a>\n\n                <div class=\"category_name\">\n                        <a  itemprop=\"url\"  href=\"https:\/\/supreme-living.de\/es\/supreme\/habitacion-washington-2a-planta-15m2\/\"  class=\"listing_title_unit\" >\n    \n    \n   <span itemprop=\"name\">\n    Habitaci\u00f3n Washington (2\u00aa planta, 15m2)    <\/span>\n<\/a>\n                    <div class=\"category_tagline map_icon\">\n                        <a href=\"https:\/\/supreme-living.de\/es\/Stadtviertel\/bockenheim-es\/\" rel=\"tag\">Bockenheim<\/a>, <a href=\"https:\/\/supreme-living.de\/es\/stadt\/francfort-del-meno\/\" rel=\"tag\">Fr\u00e1ncfort del Meno<\/a>, <a href=\"https:\/\/supreme-living.de\/es\/stadt\/francfort-del-meno-es\/\" rel=\"tag\">Fr\u00e1ncfort del Meno<\/a>                    <\/div>\n\n                    <div class=\"category_tagline actions_icon\">\n                        <a href=\"https:\/\/supreme-living.de\/es\/appartments\/piso-compartido-de-3-habitaciones\/\" rel=\"tag\">Piso compartido de 3 habitaciones<\/a> \/ <a href=\"https:\/\/supreme-living.de\/es\/angebote\/supremo-superior\/\" rel=\"tag\">Supremo Superior<\/a>                    <\/div>\n                <\/div>\n\n                            <\/div>\n\n\n        \n        <\/div>\n    <\/div>\n\n\n<div itemscope itemtype=\"http:\/\/schema.org\/Product\" class=\"listing_wrapper col-md-4 shortcode-col property_unit_v1  property_flex \" data-org=\"4\" data-listid=\"33222\" >\n\n    \n    <div class=\"property_listing \" >\n        \n\n            <div class=\"listing-unit-img-wrapper\"><div class=\"property_unit_action\">\n    <span class=\"icon-fav icon-fav-off\" data-original-title=\"agregar a los favoritos\" data-postid=\"33222\">\n        <svg viewBox=\"0 0 32 32\" xmlns=\"http:\/\/www.w3.org\/2000\/svg\" aria-hidden=\"true\" role=\"presentation\" focusable=\"false\" \nstyle=\"display: block;  height: 24px; width: 24px; stroke: #fff; stroke-width: 2; overflow: visible;\">\n<path d=\"m16 28c7-4.733 14-10 14-17 0-1.792-.683-3.583-2.05-4.95-1.367-1.366-3.158-2.05-4.95-2.05-1.791 0-3.583.684-4.949 2.05l-2.051 2.051-2.05-2.051c-1.367-1.366-3.158-2.05-4.95-2.05-1.791 0-3.583.684-4.949 2.05-1.367 1.367-2.051 3.158-2.051 4.95 0 7 7 12.267 14 17z\"><\/path>\n<\/svg><\/span>\n    <\/div><a href=\"https:\/\/supreme-living.de\/es\/supreme\/habitacion-brujas-1er-piso-17m2\/\" target=\"_self\" ><img decoding=\"async\" itemprop=\"image\" src=\"https:\/\/supreme-living.de\/wp-content\/uploads\/2024\/02\/74a0e395-87a3-498c-846e-5a97a51dfdc9-400x314.jpg\"   class=\"b-lazy img-responsive wp-post-image lazy-hidden\" alt=\"Habitaci\u00f3n Brujas (1er piso, 17m2)\" \/><\/a><div class=\"price_unit_wrapper\"> <\/div><div class=\"\" itemprop=\"offers\" itemscope itemtype=\"http:\/\/schema.org\/Offer\"> <link itemprop=\"url\" href=\"https:\/\/supreme-living.de\/es\/supreme\/habitacion-brujas-1er-piso-17m2\/\"\/><meta itemprop=\"priceCurrency\" content=\"\u20ac\" \/><div class=\"price_unit\"><span itemprop=\"price\" content=\"790\">790 \u20ac<span class=\"pernight\"> \/d\u00eda<\/span><\/div><\/div><\/div>\n\n\n            <div class=\"property_status_wrapper\"><\/div>\n            <div class=\"title-container\">\n\n                <div class=\"\" itemprop=\"offers\" itemscope itemtype=\"http:\/\/schema.org\/Offer\"> <link itemprop=\"url\" href=\"https:\/\/supreme-living.de\/es\/supreme\/habitacion-brujas-1er-piso-17m2\/\"\/><meta itemprop=\"priceCurrency\" content=\"\u20ac\" \/><div class=\"price_unit\"><span itemprop=\"price\" content=\"790\">790 \u20ac<span class=\"pernight\"> \/d\u00eda<\/span><\/div><\/div>\n                <meta itemprop=\"ratingValue\" content=\"0\"\/><div class=rating_placeholder><\/div>\n                \n\n\n                <a href=\"https:\/\/supreme-living.de\/es\/supreme\/habitacion-brujas-1er-piso-17m2\/\" class=\"owner_thumb\" style=\"background-image: url(https:\/\/supreme-living.de\/wp-content\/uploads\/2024\/02\/74a0e395-87a3-498c-846e-5a97a51dfdc9-60x60.jpg)\"><\/a>\n\n                <div class=\"category_name\">\n                        <a  itemprop=\"url\"  href=\"https:\/\/supreme-living.de\/es\/supreme\/habitacion-brujas-1er-piso-17m2\/\"  class=\"listing_title_unit\" >\n    \n    \n   <span itemprop=\"name\">\n    Habitaci\u00f3n Brujas (1er piso, 17m2)    <\/span>\n<\/a>\n                    <div class=\"category_tagline map_icon\">\n                        <a href=\"https:\/\/supreme-living.de\/es\/Stadtviertel\/niederrad-es\/\" rel=\"tag\">Niederrad<\/a>, <a href=\"https:\/\/supreme-living.de\/es\/stadt\/francfort-del-meno\/\" rel=\"tag\">Fr\u00e1ncfort del Meno<\/a>                    <\/div>\n\n                    <div class=\"category_tagline actions_icon\">\n                        <a href=\"https:\/\/supreme-living.de\/es\/appartments\/piso-compartido-de-3-habitaciones\/\" rel=\"tag\">Piso compartido de 3 habitaciones<\/a> \/ <a href=\"https:\/\/supreme-living.de\/es\/angebote\/supremo-superior\/\" rel=\"tag\">Supremo Superior<\/a>                    <\/div>\n                <\/div>\n\n                            <\/div>\n\n\n        \n        <\/div>\n    <\/div>\n\n\n<div itemscope itemtype=\"http:\/\/schema.org\/Product\" class=\"listing_wrapper col-md-4 shortcode-col property_unit_v1  property_flex \" data-org=\"4\" data-listid=\"33218\" >\n\n    \n    <div class=\"property_listing \" >\n        \n\n            <div class=\"listing-unit-img-wrapper\"><div class=\"property_unit_action\">\n    <span class=\"icon-fav icon-fav-off\" data-original-title=\"agregar a los favoritos\" data-postid=\"33218\">\n        <svg viewBox=\"0 0 32 32\" xmlns=\"http:\/\/www.w3.org\/2000\/svg\" aria-hidden=\"true\" role=\"presentation\" focusable=\"false\" \nstyle=\"display: block;  height: 24px; width: 24px; stroke: #fff; stroke-width: 2; overflow: visible;\">\n<path d=\"m16 28c7-4.733 14-10 14-17 0-1.792-.683-3.583-2.05-4.95-1.367-1.366-3.158-2.05-4.95-2.05-1.791 0-3.583.684-4.949 2.05l-2.051 2.051-2.05-2.051c-1.367-1.366-3.158-2.05-4.95-2.05-1.791 0-3.583.684-4.949 2.05-1.367 1.367-2.051 3.158-2.051 4.95 0 7 7 12.267 14 17z\"><\/path>\n<\/svg><\/span>\n    <\/div><a href=\"https:\/\/supreme-living.de\/es\/supreme\/habitacion-berna-4a-planta-14-m2\/\" target=\"_self\" ><img decoding=\"async\" itemprop=\"image\" src=\"https:\/\/supreme-living.de\/wp-content\/uploads\/2024\/03\/Saalb-Zi-3-400x314.jpg\"   class=\"b-lazy img-responsive wp-post-image lazy-hidden\" alt=\"Habitaci\u00f3n Berna (4\u00aa planta, 14 m2)\" \/><\/a><div class=\"price_unit_wrapper\"> <\/div><div class=\"\" itemprop=\"offers\" itemscope itemtype=\"http:\/\/schema.org\/Offer\"> <link itemprop=\"url\" href=\"https:\/\/supreme-living.de\/es\/supreme\/habitacion-berna-4a-planta-14-m2\/\"\/><meta itemprop=\"priceCurrency\" content=\"\u20ac\" \/><div class=\"price_unit\"><span itemprop=\"price\" content=\"790\">790 \u20ac<span class=\"pernight\"> \/d\u00eda<\/span><\/div><\/div><\/div>\n\n\n            <div class=\"property_status_wrapper\"><\/div>\n            <div class=\"title-container\">\n\n                <div class=\"\" itemprop=\"offers\" itemscope itemtype=\"http:\/\/schema.org\/Offer\"> <link itemprop=\"url\" href=\"https:\/\/supreme-living.de\/es\/supreme\/habitacion-berna-4a-planta-14-m2\/\"\/><meta itemprop=\"priceCurrency\" content=\"\u20ac\" \/><div class=\"price_unit\"><span itemprop=\"price\" content=\"790\">790 \u20ac<span class=\"pernight\"> \/d\u00eda<\/span><\/div><\/div>\n                <meta itemprop=\"ratingValue\" content=\"0\"\/><div class=rating_placeholder><\/div>\n                \n\n\n                <a href=\"https:\/\/supreme-living.de\/es\/supreme\/habitacion-berna-4a-planta-14-m2\/\" class=\"owner_thumb\" style=\"background-image: url(https:\/\/supreme-living.de\/wp-content\/uploads\/2024\/03\/Saalb-Zi-3-60x60.jpg)\"><\/a>\n\n                <div class=\"category_name\">\n                        <a  itemprop=\"url\"  href=\"https:\/\/supreme-living.de\/es\/supreme\/habitacion-berna-4a-planta-14-m2\/\"  class=\"listing_title_unit\" >\n    \n    \n   <span itemprop=\"name\">\n    Habitaci\u00f3n Berna (4\u00aa planta, 14 m2)    <\/span>\n<\/a>\n                    <div class=\"category_tagline map_icon\">\n                        <a href=\"https:\/\/supreme-living.de\/es\/stadt\/francfort-del-meno\/\" rel=\"tag\">Fr\u00e1ncfort del Meno<\/a>                    <\/div>\n\n                    <div class=\"category_tagline actions_icon\">\n                        <a href=\"https:\/\/supreme-living.de\/es\/appartments\/piso-compartido-de-3-habitaciones\/\" rel=\"tag\">Piso compartido de 3 habitaciones<\/a> \/ <a href=\"https:\/\/supreme-living.de\/es\/angebote\/supremo-superior\/\" rel=\"tag\">Supremo Superior<\/a>                    <\/div>\n                <\/div>\n\n                            <\/div>\n\n\n        \n        <\/div>\n    <\/div>\n<\/div><\/div>[\/vc_column][\/vc_row][vc_row css=\u00bb.vc_custom_1526049025418{margin-bottom: 60px !important;}\u00bb][vc_column]<div class=\" bottom-estate_property nobutton \"><div class=\" items_shortcode_wrapper\"><h2 class=\"shortcode_title\">Listados por ID de propiedad<\/h2><\/div><\/div>[\/vc_column][\/vc_row][vc_row css=\u00bb.vc_custom_1526049717990{margin-bottom: 30px !important;}\u00bb][vc_column][vc_column_text]<\/p>\n<h2 style=\"text-align: center; font-size: 24px;\">Listado por categor\u00edas espec\u00edficas V2<\/h2>\n<p>[\/vc_column_text][\/vc_column][\/vc_row][vc_row full_width=\u00bbstretch_row_content_no_spaces\u00bb css=\u00bb.vc_custom_1526049030423{margin-bottom: 60px !important;}\u00bb][vc_column]<div class=\"   \" ><div class=\"items_shortcode_wrapper items_shortcode_wrapper_full   \"><div class=\"places_wrapper   places_wrapper4\" data-link=\"https:\/\/supreme-living.de\/es\/supreme\/habitacion-washington-2a-planta-15m2\/\">\n    <div class=\"places4 places_listing\"  data-listid=\"33224\" ><div class=\"listing-hover-gradient\"><\/div><div class=\"listing-hover\" ><\/div><div class=\"listing-unit-img-wrapper shortcodefull\" style=\"background-image:url(https:\/\/supreme-living.de\/wp-content\/uploads\/2024\/03\/zi-2.1-1170x921.jpg)\"><\/div><div class=\"property_status_wrapper\"><\/div><\/div><div class=\"category_name\"><a class=\"featured_listing_title\" href=\"https:\/\/supreme-living.de\/es\/supreme\/habitacion-washington-2a-planta-15m2\/\">Habitaci\u00f3n Washington (2\u00aa planta, 15m2)...<\/a><div class=\"category_tagline\"><a href=\"https:\/\/supreme-living.de\/es\/Stadtviertel\/bockenheim-es\/\" rel=\"tag\">Bockenheim<\/a>, <a href=\"https:\/\/supreme-living.de\/es\/stadt\/francfort-del-meno\/\" rel=\"tag\">Fr\u00e1ncfort del Meno<\/a>, <a href=\"https:\/\/supreme-living.de\/es\/stadt\/francfort-del-meno-es\/\" rel=\"tag\">Fr\u00e1ncfort del Meno<\/a><\/div><\/div>\n<\/div>\n<div class=\"places_wrapper   places_wrapper4\" data-link=\"https:\/\/supreme-living.de\/es\/supreme\/habitacion-brujas-1er-piso-17m2\/\">\n    <div class=\"places4 places_listing\"  data-listid=\"33222\" ><div class=\"listing-hover-gradient\"><\/div><div class=\"listing-hover\" ><\/div><div class=\"listing-unit-img-wrapper shortcodefull\" style=\"background-image:url(https:\/\/supreme-living.de\/wp-content\/uploads\/2024\/02\/74a0e395-87a3-498c-846e-5a97a51dfdc9-1170x921.jpg)\"><\/div><div class=\"property_status_wrapper\"><\/div><\/div><div class=\"category_name\"><a class=\"featured_listing_title\" href=\"https:\/\/supreme-living.de\/es\/supreme\/habitacion-brujas-1er-piso-17m2\/\">Habitaci\u00f3n Brujas (1er piso, 17m2)<\/a><div class=\"category_tagline\"><a href=\"https:\/\/supreme-living.de\/es\/Stadtviertel\/niederrad-es\/\" rel=\"tag\">Niederrad<\/a>, <a href=\"https:\/\/supreme-living.de\/es\/stadt\/francfort-del-meno\/\" rel=\"tag\">Fr\u00e1ncfort del Meno<\/a><\/div><\/div>\n<\/div>\n<div class=\"places_wrapper   places_wrapper4\" data-link=\"https:\/\/supreme-living.de\/es\/supreme\/habitacion-berna-4a-planta-14-m2\/\">\n    <div class=\"places4 places_listing\"  data-listid=\"33218\" ><div class=\"listing-hover-gradient\"><\/div><div class=\"listing-hover\" ><\/div><div class=\"listing-unit-img-wrapper shortcodefull\" style=\"background-image:url(https:\/\/supreme-living.de\/wp-content\/uploads\/2024\/03\/Saalb-Zi-3-1170x651.jpg)\"><\/div><div class=\"property_status_wrapper\"><\/div><\/div><div class=\"category_name\"><a class=\"featured_listing_title\" href=\"https:\/\/supreme-living.de\/es\/supreme\/habitacion-berna-4a-planta-14-m2\/\">Habitaci\u00f3n Berna (4\u00aa planta, 14 m2)<\/a><div class=\"category_tagline\"><a href=\"https:\/\/supreme-living.de\/es\/stadt\/francfort-del-meno\/\" rel=\"tag\">Fr\u00e1ncfort del Meno<\/a><\/div><\/div>\n<\/div>\n<div class=\"places_wrapper   places_wrapper4\" data-link=\"https:\/\/supreme-living.de\/es\/supreme\/habitacion-bordeaux-1er-piso-1-habitacion-14-m2-cocina-cuarto-de-bano\/\">\n    <div class=\"places4 places_listing\"  data-listid=\"30783\" ><div class=\"listing-hover-gradient\"><\/div><div class=\"listing-hover\" ><\/div><div class=\"listing-unit-img-wrapper shortcodefull\" style=\"background-image:url(https:\/\/supreme-living.de\/wp-content\/uploads\/2023\/09\/Varrentrappstrasse-7-scaled-4-1170x921.jpg)\"><\/div><div class=\"property_status_wrapper\"><\/div><\/div><div class=\"category_name\"><a class=\"featured_listing_title\" href=\"https:\/\/supreme-living.de\/es\/supreme\/habitacion-bordeaux-1er-piso-1-habitacion-14-m2-cocina-cuarto-de-bano\/\">Habitaci\u00f3n Bordeaux (1er piso, 1 habitac...<\/a><div class=\"category_tagline\"><a href=\"https:\/\/supreme-living.de\/es\/Stadtviertel\/extremo-norte\/\" rel=\"tag\">Extremo Norte<\/a>, <a href=\"https:\/\/supreme-living.de\/es\/stadt\/francfort-del-meno\/\" rel=\"tag\">Fr\u00e1ncfort del Meno<\/a><\/div><\/div>\n<\/div>\n<div class=\"places_wrapper   places_wrapper4\" data-link=\"https:\/\/supreme-living.de\/es\/supreme\/habitacion-nice-1er-piso-1-habitacion-20-m%c2%b2-cocina-cuarto-de-bano\/\">\n    <div class=\"places4 places_listing\"  data-listid=\"30779\" ><div class=\"listing-hover-gradient\"><\/div><div class=\"listing-hover\" ><\/div><div class=\"listing-unit-img-wrapper shortcodefull\" style=\"background-image:url(https:\/\/supreme-living.de\/wp-content\/uploads\/2023\/09\/Varrentrappstrasse-33-scaled-2-1170x921.jpg)\"><\/div><div class=\"property_status_wrapper\"><\/div><\/div><div class=\"category_name\"><a class=\"featured_listing_title\" href=\"https:\/\/supreme-living.de\/es\/supreme\/habitacion-nice-1er-piso-1-habitacion-20-m%c2%b2-cocina-cuarto-de-bano\/\">Habitaci\u00f3n Nice (1er piso, 1 habitaci\u00f3n,...<\/a><div class=\"category_tagline\"><a href=\"https:\/\/supreme-living.de\/es\/Stadtviertel\/extremo-norte\/\" rel=\"tag\">Extremo Norte<\/a>, <a href=\"https:\/\/supreme-living.de\/es\/stadt\/francfort-del-meno\/\" rel=\"tag\">Fr\u00e1ncfort del Meno<\/a><\/div><\/div>\n<\/div>\n<div class=\"places_wrapper   places_wrapper4\" data-link=\"https:\/\/supreme-living.de\/es\/supreme\/habitacion-lyon-4-piso-1-habitacion-14-m2-cocina-cuarto-de-bano\/\">\n    <div class=\"places4 places_listing\"  data-listid=\"30768\" ><div class=\"listing-hover-gradient\"><\/div><div class=\"listing-hover\" ><\/div><div class=\"listing-unit-img-wrapper shortcodefull\" style=\"background-image:url(https:\/\/supreme-living.de\/wp-content\/uploads\/2023\/09\/Varrentrappstrasse-33-scaled-1-1170x921.jpg)\"><\/div><div class=\"property_status_wrapper\"><\/div><\/div><div class=\"category_name\"><a class=\"featured_listing_title\" href=\"https:\/\/supreme-living.de\/es\/supreme\/habitacion-lyon-4-piso-1-habitacion-14-m2-cocina-cuarto-de-bano\/\">Habitaci\u00f3n Lyon (4\u00b0 piso, 1 habitaci\u00f3n, ...<\/a><div class=\"category_tagline\"><a href=\"https:\/\/supreme-living.de\/es\/Stadtviertel\/extremo-norte\/\" rel=\"tag\">Extremo Norte<\/a>, <a href=\"https:\/\/supreme-living.de\/es\/stadt\/francfort-del-meno\/\" rel=\"tag\">Fr\u00e1ncfort del Meno<\/a><\/div><\/div>\n<\/div>\n<div class=\"places_wrapper   places_wrapper4\" data-link=\"https:\/\/supreme-living.de\/es\/supreme\/habitacion-napoles-3er-piso-1-habitacion-12-m2-cocina-cuarto-de-bano\/\">\n    <div class=\"places4 places_listing\"  data-listid=\"30762\" ><div class=\"listing-hover-gradient\"><\/div><div class=\"listing-hover\" ><\/div><div class=\"listing-unit-img-wrapper shortcodefull\" style=\"background-image:url(https:\/\/supreme-living.de\/wp-content\/uploads\/2023\/09\/Varrentrappstrasse-33-scaled-5-1170x921.jpg)\"><\/div><div class=\"property_status_wrapper\"><\/div><\/div><div class=\"category_name\"><a class=\"featured_listing_title\" href=\"https:\/\/supreme-living.de\/es\/supreme\/habitacion-napoles-3er-piso-1-habitacion-12-m2-cocina-cuarto-de-bano\/\">Habitaci\u00f3n N\u00e1poles (3er piso, 1 habitaci...<\/a><div class=\"category_tagline\"><a href=\"https:\/\/supreme-living.de\/es\/Stadtviertel\/extremo-norte\/\" rel=\"tag\">Extremo Norte<\/a>, <a href=\"https:\/\/supreme-living.de\/es\/stadt\/francfort-del-meno\/\" rel=\"tag\">Fr\u00e1ncfort del Meno<\/a>, <a href=\"https:\/\/supreme-living.de\/stadt\/main-taunus\/\" rel=\"tag\">Main-Taunus Gebiet<\/a><\/div><\/div>\n<\/div>\n<div class=\"places_wrapper   places_wrapper4\" data-link=\"https:\/\/supreme-living.de\/es\/supreme\/odenwaldstr-26-2a-planta-1-habitacion-cocina-bano-2\/\">\n    <div class=\"places4 places_listing\"  data-listid=\"30760\" ><div class=\"listing-hover-gradient\"><\/div><div class=\"listing-hover\" ><\/div><div class=\"listing-unit-img-wrapper shortcodefull\" style=\"background-image:url(https:\/\/supreme-living.de\/wp-content\/uploads\/2024\/03\/WhatsApp-Bild-2024-03-10-um-20.47.12_edf28418.jpg)\"><\/div><div class=\"property_status_wrapper\"><\/div><\/div><div class=\"category_name\"><a class=\"featured_listing_title\" href=\"https:\/\/supreme-living.de\/es\/supreme\/odenwaldstr-26-2a-planta-1-habitacion-cocina-bano-2\/\">Odenwaldstr. 26 (2\u00aa planta, 1 habitaci\u00f3n...<\/a><div class=\"category_tagline\"><a href=\"https:\/\/supreme-living.de\/es\/Stadtviertel\/niederrad-es\/\" rel=\"tag\">Niederrad<\/a>, <a href=\"https:\/\/supreme-living.de\/es\/stadt\/francfort-del-meno\/\" rel=\"tag\">Fr\u00e1ncfort del Meno<\/a><\/div><\/div>\n<\/div>\n<\/div><\/div>[\/vc_column][\/vc_row]<\/p>\n","protected":false},"excerpt":{"rendered":"<p>[vc_row css=\u00bb.vc_custom_1526049004424{margin-bottom: 60px !important;}\u00bb][vc_column][\/vc_column][\/vc_row][vc_row css=\u00bb.vc_custom_1526049016614{margin-bottom: 60px !important;}\u00bb][vc_column][\/vc_column][\/vc_row][vc_row css=\u00bb.vc_custom_1526049025418{margin-bottom: 60px !important;}\u00bb][vc_column][\/vc_column][\/vc_row][vc_row css=\u00bb.vc_custom_1526049717990{margin-bottom: 30px !important;}\u00bb][vc_column][vc_column_text] Listado por categor\u00edas espec\u00edficas V2 [\/vc_column_text][\/vc_column][\/vc_row][vc_row full_width=\u00bbstretch_row_content_no_spaces\u00bb css=\u00bb.vc_custom_1526049030423{margin-bottom: 60px !important;}\u00bb][vc_column][\/vc_column][\/vc_row]<\/p>\n","protected":false},"author":1,"featured_media":0,"parent":0,"menu_order":0,"comment_status":"closed","ping_status":"closed","template":"","meta":{"inline_featured_image":false,"footnotes":""},"class_list":["post-30660","page","type-page","status-publish","hentry"],"yoast_head":"<!-- This site is optimized with the Yoast SEO plugin v27.5 - https:\/\/yoast.com\/product\/yoast-seo-wordpress\/ -->\n<title>C\u00f3digos cortos de anuncios &#187; Supreme Living Frankfurt<\/title>\n<meta name=\"description\" content=\"Supreme Living bietet stilvolle, voll m\u00f6blierte Apartments im Rhein-Main-Gebiet. Ideal f\u00fcr Wohnen auf Zeit, Gesch\u00e4ftsreisende und Pendler \u2013 erleben Sie Komfort und Flexibilit\u00e4t in exklusivem Ambiente.\" \/>\n<meta name=\"robots\" content=\"index, follow, max-snippet:-1, max-image-preview:large, max-video-preview:-1\" \/>\n<link rel=\"canonical\" href=\"https:\/\/supreme-living.de\/es\/codigos-cortos-de-anuncios\/\" \/>\n<meta property=\"og:locale\" content=\"es_ES\" \/>\n<meta property=\"og:type\" content=\"article\" \/>\n<meta property=\"og:title\" content=\"C\u00f3digos cortos de anuncios &#187; Supreme Living Frankfurt\" \/>\n<meta property=\"og:description\" content=\"Supreme Living bietet stilvolle, voll m\u00f6blierte Apartments im Rhein-Main-Gebiet. Ideal f\u00fcr Wohnen auf Zeit, Gesch\u00e4ftsreisende und Pendler \u2013 erleben Sie Komfort und Flexibilit\u00e4t in exklusivem Ambiente.\" \/>\n<meta property=\"og:url\" content=\"https:\/\/supreme-living.de\/es\/codigos-cortos-de-anuncios\/\" \/>\n<meta property=\"og:site_name\" content=\"Supreme Living Frankfurt\" \/>\n<meta property=\"article:publisher\" content=\"https:\/\/www.facebook.com\/supremeliving.de\" \/>\n<meta property=\"article:modified_time\" content=\"2023-10-26T11:17:21+00:00\" \/>\n<meta property=\"og:image\" content=\"https:\/\/supreme-living.de\/wp-content\/uploads\/2025\/04\/supreme-living-frankfurt.jpg\" \/>\n\t<meta property=\"og:image:width\" content=\"1200\" \/>\n\t<meta property=\"og:image:height\" content=\"675\" \/>\n\t<meta property=\"og:image:type\" content=\"image\/jpeg\" \/>\n<meta name=\"twitter:card\" content=\"summary_large_image\" \/>\n<meta name=\"twitter:site\" content=\"@SupremeLivingde\" \/>\n<meta name=\"twitter:label1\" content=\"Tiempo de lectura\" \/>\n\t<meta name=\"twitter:data1\" content=\"1 minuto\" \/>\n<script type=\"application\/ld+json\" class=\"yoast-schema-graph\">{\"@context\":\"https:\\\/\\\/schema.org\",\"@graph\":[{\"@type\":\"WebPage\",\"@id\":\"https:\\\/\\\/supreme-living.de\\\/es\\\/codigos-cortos-de-anuncios\\\/\",\"url\":\"https:\\\/\\\/supreme-living.de\\\/es\\\/codigos-cortos-de-anuncios\\\/\",\"name\":\"C\u00f3digos cortos de anuncios &#187; Supreme Living Frankfurt\",\"isPartOf\":{\"@id\":\"https:\\\/\\\/supreme-living.de\\\/es\\\/#website\"},\"datePublished\":\"2018-05-11T11:35:12+00:00\",\"dateModified\":\"2023-10-26T11:17:21+00:00\",\"description\":\"Supreme Living bietet stilvolle, voll m\u00f6blierte Apartments im Rhein-Main-Gebiet. Ideal f\u00fcr Wohnen auf Zeit, Gesch\u00e4ftsreisende und Pendler \u2013 erleben Sie Komfort und Flexibilit\u00e4t in exklusivem Ambiente.\",\"breadcrumb\":{\"@id\":\"https:\\\/\\\/supreme-living.de\\\/es\\\/codigos-cortos-de-anuncios\\\/#breadcrumb\"},\"inLanguage\":\"es\",\"potentialAction\":[{\"@type\":\"ReadAction\",\"target\":[\"https:\\\/\\\/supreme-living.de\\\/es\\\/codigos-cortos-de-anuncios\\\/\"]}]},{\"@type\":\"BreadcrumbList\",\"@id\":\"https:\\\/\\\/supreme-living.de\\\/es\\\/codigos-cortos-de-anuncios\\\/#breadcrumb\",\"itemListElement\":[{\"@type\":\"ListItem\",\"position\":1,\"name\":\"Startseite\",\"item\":\"https:\\\/\\\/supreme-living.de\\\/es\\\/\"},{\"@type\":\"ListItem\",\"position\":2,\"name\":\"C\u00f3digos cortos de anuncios\"}]},{\"@type\":\"WebSite\",\"@id\":\"https:\\\/\\\/supreme-living.de\\\/es\\\/#website\",\"url\":\"https:\\\/\\\/supreme-living.de\\\/es\\\/\",\"name\":\"Supreme living & working GmbH\",\"description\":\"...besser als Zuhause wohnen!\",\"publisher\":{\"@id\":\"https:\\\/\\\/supreme-living.de\\\/es\\\/#organization\"},\"potentialAction\":[{\"@type\":\"SearchAction\",\"target\":{\"@type\":\"EntryPoint\",\"urlTemplate\":\"https:\\\/\\\/supreme-living.de\\\/es\\\/?s={search_term_string}\"},\"query-input\":{\"@type\":\"PropertyValueSpecification\",\"valueRequired\":true,\"valueName\":\"search_term_string\"}}],\"inLanguage\":\"es\"},{\"@type\":\"Organization\",\"@id\":\"https:\\\/\\\/supreme-living.de\\\/es\\\/#organization\",\"name\":\"Supreme living & working GmbH\",\"url\":\"https:\\\/\\\/supreme-living.de\\\/es\\\/\",\"logo\":{\"@type\":\"ImageObject\",\"inLanguage\":\"es\",\"@id\":\"https:\\\/\\\/supreme-living.de\\\/es\\\/#\\\/schema\\\/logo\\\/image\\\/\",\"url\":\"https:\\\/\\\/supreme-living.de\\\/wp-content\\\/uploads\\\/2023\\\/09\\\/supreme-blue.logo_.png\",\"contentUrl\":\"https:\\\/\\\/supreme-living.de\\\/wp-content\\\/uploads\\\/2023\\\/09\\\/supreme-blue.logo_.png\",\"width\":1055,\"height\":694,\"caption\":\"Supreme living & working GmbH\"},\"image\":{\"@id\":\"https:\\\/\\\/supreme-living.de\\\/es\\\/#\\\/schema\\\/logo\\\/image\\\/\"},\"sameAs\":[\"https:\\\/\\\/www.facebook.com\\\/supremeliving.de\",\"https:\\\/\\\/x.com\\\/SupremeLivingde\",\"https:\\\/\\\/www.instagram.com\\\/supremelivingde\\\/\"]}]}<\/script>\n<!-- \/ Yoast SEO plugin. -->","yoast_head_json":{"title":"C\u00f3digos cortos de anuncios &#187; Supreme Living Frankfurt","description":"Supreme Living bietet stilvolle, voll m\u00f6blierte Apartments im Rhein-Main-Gebiet. Ideal f\u00fcr Wohnen auf Zeit, Gesch\u00e4ftsreisende und Pendler \u2013 erleben Sie Komfort und Flexibilit\u00e4t in exklusivem Ambiente.","robots":{"index":"index","follow":"follow","max-snippet":"max-snippet:-1","max-image-preview":"max-image-preview:large","max-video-preview":"max-video-preview:-1"},"canonical":"https:\/\/supreme-living.de\/es\/codigos-cortos-de-anuncios\/","og_locale":"es_ES","og_type":"article","og_title":"C\u00f3digos cortos de anuncios &#187; Supreme Living Frankfurt","og_description":"Supreme Living bietet stilvolle, voll m\u00f6blierte Apartments im Rhein-Main-Gebiet. Ideal f\u00fcr Wohnen auf Zeit, Gesch\u00e4ftsreisende und Pendler \u2013 erleben Sie Komfort und Flexibilit\u00e4t in exklusivem Ambiente.","og_url":"https:\/\/supreme-living.de\/es\/codigos-cortos-de-anuncios\/","og_site_name":"Supreme Living Frankfurt","article_publisher":"https:\/\/www.facebook.com\/supremeliving.de","article_modified_time":"2023-10-26T11:17:21+00:00","og_image":[{"width":1200,"height":675,"url":"https:\/\/supreme-living.de\/wp-content\/uploads\/2025\/04\/supreme-living-frankfurt.jpg","type":"image\/jpeg"}],"twitter_card":"summary_large_image","twitter_site":"@SupremeLivingde","twitter_misc":{"Tiempo de lectura":"1 minuto"},"schema":{"@context":"https:\/\/schema.org","@graph":[{"@type":"WebPage","@id":"https:\/\/supreme-living.de\/es\/codigos-cortos-de-anuncios\/","url":"https:\/\/supreme-living.de\/es\/codigos-cortos-de-anuncios\/","name":"C\u00f3digos cortos de anuncios &#187; Supreme Living Frankfurt","isPartOf":{"@id":"https:\/\/supreme-living.de\/es\/#website"},"datePublished":"2018-05-11T11:35:12+00:00","dateModified":"2023-10-26T11:17:21+00:00","description":"Supreme Living bietet stilvolle, voll m\u00f6blierte Apartments im Rhein-Main-Gebiet. Ideal f\u00fcr Wohnen auf Zeit, Gesch\u00e4ftsreisende und Pendler \u2013 erleben Sie Komfort und Flexibilit\u00e4t in exklusivem Ambiente.","breadcrumb":{"@id":"https:\/\/supreme-living.de\/es\/codigos-cortos-de-anuncios\/#breadcrumb"},"inLanguage":"es","potentialAction":[{"@type":"ReadAction","target":["https:\/\/supreme-living.de\/es\/codigos-cortos-de-anuncios\/"]}]},{"@type":"BreadcrumbList","@id":"https:\/\/supreme-living.de\/es\/codigos-cortos-de-anuncios\/#breadcrumb","itemListElement":[{"@type":"ListItem","position":1,"name":"Startseite","item":"https:\/\/supreme-living.de\/es\/"},{"@type":"ListItem","position":2,"name":"C\u00f3digos cortos de anuncios"}]},{"@type":"WebSite","@id":"https:\/\/supreme-living.de\/es\/#website","url":"https:\/\/supreme-living.de\/es\/","name":"Supreme living & working GmbH","description":"...besser als Zuhause wohnen!","publisher":{"@id":"https:\/\/supreme-living.de\/es\/#organization"},"potentialAction":[{"@type":"SearchAction","target":{"@type":"EntryPoint","urlTemplate":"https:\/\/supreme-living.de\/es\/?s={search_term_string}"},"query-input":{"@type":"PropertyValueSpecification","valueRequired":true,"valueName":"search_term_string"}}],"inLanguage":"es"},{"@type":"Organization","@id":"https:\/\/supreme-living.de\/es\/#organization","name":"Supreme living & working GmbH","url":"https:\/\/supreme-living.de\/es\/","logo":{"@type":"ImageObject","inLanguage":"es","@id":"https:\/\/supreme-living.de\/es\/#\/schema\/logo\/image\/","url":"https:\/\/supreme-living.de\/wp-content\/uploads\/2023\/09\/supreme-blue.logo_.png","contentUrl":"https:\/\/supreme-living.de\/wp-content\/uploads\/2023\/09\/supreme-blue.logo_.png","width":1055,"height":694,"caption":"Supreme living & working GmbH"},"image":{"@id":"https:\/\/supreme-living.de\/es\/#\/schema\/logo\/image\/"},"sameAs":["https:\/\/www.facebook.com\/supremeliving.de","https:\/\/x.com\/SupremeLivingde","https:\/\/www.instagram.com\/supremelivingde\/"]}]}},"_links":{"self":[{"href":"https:\/\/supreme-living.de\/es\/wp-json\/wp\/v2\/pages\/30660","targetHints":{"allow":["GET"]}}],"collection":[{"href":"https:\/\/supreme-living.de\/es\/wp-json\/wp\/v2\/pages"}],"about":[{"href":"https:\/\/supreme-living.de\/es\/wp-json\/wp\/v2\/types\/page"}],"author":[{"embeddable":true,"href":"https:\/\/supreme-living.de\/es\/wp-json\/wp\/v2\/users\/1"}],"replies":[{"embeddable":true,"href":"https:\/\/supreme-living.de\/es\/wp-json\/wp\/v2\/comments?post=30660"}],"version-history":[{"count":0,"href":"https:\/\/supreme-living.de\/es\/wp-json\/wp\/v2\/pages\/30660\/revisions"}],"wp:attachment":[{"href":"https:\/\/supreme-living.de\/es\/wp-json\/wp\/v2\/media?parent=30660"}],"curies":[{"name":"wp","href":"https:\/\/api.w.org\/{rel}","templated":true}]}}